{"id":4798,"date":"2020-03-24T09:37:55","date_gmt":"2020-03-24T15:37:55","guid":{"rendered":"https:\/\/www.movement.org\/?page_id=4798"},"modified":"2020-03-25T07:02:35","modified_gmt":"2020-03-25T13:02:35","slug":"a-message-from-mac-pier","status":"publish","type":"page","link":"https:\/\/www.movement.org\/es\/a-message-from-mac-pier\/","title":{"rendered":"UN MENSAJE DE MAC PIER"},"content":{"rendered":"<h1>\u00a0<\/h1>\r\n<h2>UN MENSAJE DE MAC PIER<\/h2>\r\n<h3>COVID-19, 9\/11 Y SAN PATRICIO<\/h3>\r\n<h4>REFLEXI\u00d3N FUNDADORA<\/h4>\r\n<p>&nbsp;<\/p>\r\n<p><strong>Introducci\u00f3n<\/strong><\/p>\r\n<p>He estado reflexionando sobre las similitudes entre el impacto del virus COVID-19 y los d\u00edas posteriores al 11 de septiembre. La sensaci\u00f3n de estar abrumado e indefenso impregna estos momentos. Cada d\u00eda que se propaga la pandemia, la acompa\u00f1a una sensaci\u00f3n de pavor.<\/p>\r\n<p>Fue hace 19 a\u00f1os, en marzo de 2001, cuando viaj\u00e9 a Seattle para conocer a Rich Stearns de World Vision. Poco sab\u00edamos que seis meses despu\u00e9s, nuestra nueva asociaci\u00f3n ser\u00eda tan importante para la recuperaci\u00f3n del 11 de septiembre para la ciudad de Nueva York. Nuestra peque\u00f1a organizaci\u00f3n de 6 personas trabaj\u00f3 con World Vision para recaudar $ 6 millones para ayudar a las v\u00edctimas del 11 de septiembre a trav\u00e9s de iglesias locales en la ciudad de Nueva York.<\/p>\r\n<p>Esa asociaci\u00f3n se convirti\u00f3 en una puerta de entrada a la oportunidad de impactar a 11,000 ni\u00f1os apadrinados y 600,000 personas durante la pr\u00f3xima d\u00e9cada. Cre\u00f3 oportunidades para que las iglesias trabajaran juntas como nunca antes. El p\u00e1nico del 11 de septiembre dio paso a una mayor conciencia mundial de que 3 millones de personas mueren cada a\u00f1o a causa del VIH \/ SIDA.<\/p>\r\n<p><strong>\u00bfQu\u00e9 puede estar haciendo Dios?<\/strong><\/p>\r\n<p>En cierto sentido, hay un completo misterio. Hay tanta imprevisibilidad en todo esto. Sin embargo, una perspectiva de 25 a\u00f1os nos ense\u00f1a que Dios ha usado momentos de gran crisis para remodelar e impulsar nuestro impacto.<\/p>\r\n<p>En 1995, nuestra peque\u00f1a organizaci\u00f3n Concerts of Prayer International fue devastada por el colapso de la Fundaci\u00f3n New Era. Vimos la p\u00e9rdida de $ 90,000 en fondos anticipados. Este fue un n\u00famero enorme para nuestra organizaci\u00f3n hace 25 a\u00f1os.<\/p>\r\n<p>Durante los dos a\u00f1os siguientes se hizo cada vez m\u00e1s evidente que COPI no pod\u00eda continuar con su estructura actual. Despu\u00e9s de una enorme lucha decidimos crear Conciertos de Gran Oraci\u00f3n en Nueva York el 1 de enero de 1998 con una junta de pastores local. Esa decisi\u00f3n nos permiti\u00f3 aumentar el n\u00famero de iglesias participantes en 700 en unos pocos a\u00f1os.<\/p>\r\n<p>Cuando ocurrieron los eventos del 11 de septiembre, World Vision se acerc\u00f3 a nosotros para asociarnos con ellos en el alivio del sufrimiento de la ciudad de Nueva York. Nuestra junta decidi\u00f3 dar el paso como una \u201corganizaci\u00f3n de oraci\u00f3n\u201d que nos permiti\u00f3 expandir nuestro personal de 6 a 11. Esa transici\u00f3n abri\u00f3 la puerta a muchas asociaciones estrat\u00e9gicas que han estado con nosotros durante m\u00e1s de una d\u00e9cada. Nos dimos cuenta de que nuestro \"hedge-hog\" iba a convocar a una escala masiva. Este poder de convocatoria es muy atractivo para los socios. La capacidad de trabajar con socios y capacitar l\u00edderes abri\u00f3 la puerta para la creaci\u00f3n del Centro de Liderazgo de NYC.<\/p>\r\n<p>El 18 de septiembre de 2008 lanzamos NYCLC. Ese mismo d\u00eda el mercado se desplom\u00f3. No est\u00e1bamos seguros de sobrevivir el resto del a\u00f1o. El personal fue muy sacrificado en su disposici\u00f3n a optar por un modelo de empleo del 80% para aliviar los gastos. Nadie abandon\u00f3 el equipo.<\/p>\r\n<p>Ese per\u00edodo de vulnerabilidad hizo que nuestra relaci\u00f3n con el Redentor se profundizara. En ese clima de interdependencia, encargamos la investigaci\u00f3n de Tony Carnes de 2009. La investigaci\u00f3n indic\u00f3 que el cristianismo evang\u00e9lico hab\u00eda crecido un 300% entre 1989 y 2009. Esa investigaci\u00f3n cre\u00f3 el deseo de lanzar el D\u00eda del Movimiento en 2010. Un mes despu\u00e9s del D\u00eda del Movimiento conoc\u00ed a Bob Doll en Ciudad del Cabo. Cuatro meses despu\u00e9s, los Dolls se convirtieron en inversores principales del Proyecto NYC Movement. El NYCMP incub\u00f3 60 iglesias nuevas, capacit\u00f3 a 26,000 l\u00edderes y plant\u00f3 Expresiones del D\u00eda del Movimiento en 4 ciudades. De 2010 a 2016, nuestro presupuesto anual creci\u00f3 de $ 1 mill\u00f3n a $ 5 millones.<\/p>\r\n<p>En 2016, Movement Day Global Cities acogi\u00f3 a 3000 l\u00edderes de 400 ciudades y 95 naciones. Nos ha impulsado a involucrar a 250 ciudades en 6 continentes. Dios en Su Providencia us\u00f3 la crisis financiera de 2008 para incubar una nueva direcci\u00f3n para la organizaci\u00f3n que est\u00e1 impactando al mundo m\u00e1s all\u00e1 de nuestros sue\u00f1os m\u00e1s locos.<\/p>\r\n<p>Ahora el Coronavirus. \u00bfQu\u00e9 est\u00e1 haciendo Dios? Es demasiado pronto para saberlo. Creo que, dado el \u00e9nfasis que tenemos, para catalizar a los l\u00edderes para que cambien sus ciudades, Dios reorganizar\u00e1 el mobiliario global de maneras que no podr\u00edamos haber anticipado para ayudarnos a lograr esa visi\u00f3n de manera m\u00e1s r\u00e1pida y completa.<\/p>\r\n<p>Nuestro p\u00fablico principal de l\u00edderes, millennials y ciudades parece prepararnos para hacer una diferencia extraordinaria. Al observar las pr\u00f3ximas semanas, creo que veremos nuevas oportunidades con socios, partes interesadas y l\u00edderes en los seis continentes.<\/p>\r\n<p><strong>San Patricio<\/strong><\/p>\r\n<p>Acabo de terminar de leer el libro de Thomas Cahill How The Irish Saved Civilization. Patrick vivi\u00f3 en el siglo V justo cuando los b\u00e1rbaros estaban destruyendo Roma. Su vida coincidi\u00f3 con la de Agust\u00edn, el gran padre de la Iglesia de \u00c1frica del Norte que escribi\u00f3 Ciudad de Dios. Agust\u00edn escribi\u00f3 mientras Roma ard\u00eda: \u201cLa ciudad de Roma no es la ciudad de Dios. La ciudad de Dios es invisible e indestructible\u201d.<\/p>\r\n<p>Cahill describi\u00f3 a Patrick como el primer gran misionero despu\u00e9s de Paul en el siglo primero. Bajo su liderazgo, los monjes de Patrick evangelizaron Irlanda, difundieron el cristianismo por Europa, acabaron con el sacrificio de ni\u00f1os y preservaron la gran literatura de su tiempo copiando importantes manuscritos.<\/p>\r\n<p>Patrick hab\u00eda sido un esclavo brit\u00e1nico que decidi\u00f3 regresar a Irlanda como misionero. La vida de Patrick nos ense\u00f1a que Dios puede usar a hombres y mujeres ordinarios y valientes para afectar la trayectoria de la historia mundial. Patrick entr\u00f3 en la brecha de liderazgo de la Irlanda pagana para cambiar la historia.<\/p>\r\n<p>Los misi\u00f3logos nos ense\u00f1an que Dios ha usado un l\u00edder cada 400 a\u00f1os desde la \u00e9poca de Abraham hasta el siglo actual para moldear la actividad de Dios en el mundo. No creo que sea accidental que los eventos del 11 de septiembre y ahora el Coronavirus hayan sucedido a principios de nuestro siglo y esta nueva \u00e9poca de 400 a\u00f1os. Que Dios de alguna manera nos use a nosotros y a nuestro movimiento para impactar al mundo.<\/p>\r\n<p>Tambi\u00e9n he estado reflexionando sobre el tema de las Escrituras de la relaci\u00f3n entre el valor y la alegr\u00eda. L\u00edderes como Patricio trajeron gran gozo a los seguidores de Jes\u00fas del siglo quinto. Nuestros esfuerzos hoy arraigados en el coraje brindan gran alegr\u00eda a los l\u00edderes y las iglesias de todo el mundo. Nuestro trabajo es una gran se\u00f1al de esperanza para otros l\u00edderes en lugares muy dif\u00edciles alrededor del mundo.<\/p>","protected":false},"excerpt":{"rendered":"\u00a0\r\nA Message from Mac Pier\r\nCOVID-19, 9\/11, and Saint Patrick\r\nFounder Reflection\r\n<p>&nbsp;<\/p><p><strong>Introducci\u00f3n<\/strong><\/p>I have been reflecting on the similarities between the COVID-19 virus impact and the days after 9\/11. The sense of being both overwhelmed and helpless permeate these moments. Every ...","protected":false},"author":4,"featured_media":0,"parent":0,"menu_order":0,"comment_status":"closed","ping_status":"closed","template":"","meta":{"give_campaign_id":0,"footnotes":""},"class_list":["post-4798","page","type-page","status-publish","hentry"],"yoast_head":"<!-- This site is optimized with the Yoast SEO plugin v27.5 - https:\/\/yoast.com\/product\/yoast-seo-wordpress\/ -->\n<title>A Message from our Founder Mac Pier - MOVEMENT.ORG<\/title>\n<meta name=\"description\" content=\"Read Movement.org&#039;s founder Mac Pier&#039;s reflection on the similarities of the impact of the current Coronavirus COVID-19 and 9\/11.\" \/>\n<meta name=\"robots\" content=\"index, follow, max-snippet:-1, max-image-preview:large, max-video-preview:-1\" \/>\n<link rel=\"canonical\" href=\"https:\/\/www.movement.org\/es\/a-message-from-mac-pier\/\" \/>\n<meta property=\"og:locale\" content=\"es_MX\" \/>\n<meta property=\"og:type\" content=\"article\" \/>\n<meta property=\"og:title\" content=\"A Message from our Founder Mac Pier - MOVEMENT.ORG\" \/>\n<meta property=\"og:description\" content=\"Read Movement.org&#039;s founder Mac Pier&#039;s reflection on the similarities of the impact of the current Coronavirus COVID-19 and 9\/11.\" \/>\n<meta property=\"og:url\" content=\"https:\/\/www.movement.org\/es\/a-message-from-mac-pier\/\" \/>\n<meta property=\"og:site_name\" content=\"MOVEMENT.ORG\" \/>\n<meta property=\"article:modified_time\" content=\"2020-03-25T13:02:35+00:00\" \/>\n<meta name=\"twitter:card\" content=\"summary_large_image\" \/>\n<meta name=\"twitter:label1\" content=\"Tiempo de lectura\" \/>\n\t<meta name=\"twitter:data1\" content=\"5 minutos\" \/>\n<script type=\"application\/ld+json\" class=\"yoast-schema-graph\">{\"@context\":\"https:\\\/\\\/schema.org\",\"@graph\":[{\"@type\":\"WebPage\",\"@id\":\"https:\\\/\\\/www.movement.org\\\/a-message-from-mac-pier\\\/\",\"url\":\"https:\\\/\\\/www.movement.org\\\/a-message-from-mac-pier\\\/\",\"name\":\"A Message from our Founder Mac Pier - MOVEMENT.ORG\",\"isPartOf\":{\"@id\":\"https:\\\/\\\/www.movement.org\\\/#website\"},\"datePublished\":\"2020-03-24T15:37:55+00:00\",\"dateModified\":\"2020-03-25T13:02:35+00:00\",\"description\":\"Read Movement.org's founder Mac Pier's reflection on the similarities of the impact of the current Coronavirus COVID-19 and 9\\\/11.\",\"breadcrumb\":{\"@id\":\"https:\\\/\\\/www.movement.org\\\/a-message-from-mac-pier\\\/#breadcrumb\"},\"inLanguage\":\"es\",\"potentialAction\":[{\"@type\":\"ReadAction\",\"target\":[\"https:\\\/\\\/www.movement.org\\\/a-message-from-mac-pier\\\/\"]}]},{\"@type\":\"BreadcrumbList\",\"@id\":\"https:\\\/\\\/www.movement.org\\\/a-message-from-mac-pier\\\/#breadcrumb\",\"itemListElement\":[{\"@type\":\"ListItem\",\"position\":1,\"name\":\"Home\",\"item\":\"https:\\\/\\\/www.movement.org\\\/\"},{\"@type\":\"ListItem\",\"position\":2,\"name\":\"A Message From Mac Pier\"}]},{\"@type\":\"WebSite\",\"@id\":\"https:\\\/\\\/www.movement.org\\\/#website\",\"url\":\"https:\\\/\\\/www.movement.org\\\/\",\"name\":\"MOVEMENT.ORG\",\"description\":\"Engaging leaders to positively impact their cities around the world\",\"publisher\":{\"@id\":\"https:\\\/\\\/www.movement.org\\\/#organization\"},\"potentialAction\":[{\"@type\":\"SearchAction\",\"target\":{\"@type\":\"EntryPoint\",\"urlTemplate\":\"https:\\\/\\\/www.movement.org\\\/?s={search_term_string}\"},\"query-input\":{\"@type\":\"PropertyValueSpecification\",\"valueRequired\":true,\"valueName\":\"search_term_string\"}}],\"inLanguage\":\"es\"},{\"@type\":\"Organization\",\"@id\":\"https:\\\/\\\/www.movement.org\\\/#organization\",\"name\":\"Movement.Org\",\"url\":\"https:\\\/\\\/www.movement.org\\\/\",\"logo\":{\"@type\":\"ImageObject\",\"inLanguage\":\"es\",\"@id\":\"https:\\\/\\\/www.movement.org\\\/#\\\/schema\\\/logo\\\/image\\\/\",\"url\":\"https:\\\/\\\/www.movement.org\\\/wp-content\\\/uploads\\\/2020\\\/02\\\/MovementOrg-Logo-Dark.png\",\"contentUrl\":\"https:\\\/\\\/www.movement.org\\\/wp-content\\\/uploads\\\/2020\\\/02\\\/MovementOrg-Logo-Dark.png\",\"width\":644,\"height\":118,\"caption\":\"Movement.Org\"},\"image\":{\"@id\":\"https:\\\/\\\/www.movement.org\\\/#\\\/schema\\\/logo\\\/image\\\/\"}}]}<\/script>\n<!-- \/ Yoast SEO plugin. -->","yoast_head_json":{"title":"A Message from our Founder Mac Pier - MOVEMENT.ORG","description":"Read Movement.org's founder Mac Pier's reflection on the similarities of the impact of the current Coronavirus COVID-19 and 9\/11.","robots":{"index":"index","follow":"follow","max-snippet":"max-snippet:-1","max-image-preview":"max-image-preview:large","max-video-preview":"max-video-preview:-1"},"canonical":"https:\/\/www.movement.org\/es\/a-message-from-mac-pier\/","og_locale":"es_MX","og_type":"article","og_title":"A Message from our Founder Mac Pier - MOVEMENT.ORG","og_description":"Read Movement.org's founder Mac Pier's reflection on the similarities of the impact of the current Coronavirus COVID-19 and 9\/11.","og_url":"https:\/\/www.movement.org\/es\/a-message-from-mac-pier\/","og_site_name":"MOVEMENT.ORG","article_modified_time":"2020-03-25T13:02:35+00:00","twitter_card":"summary_large_image","twitter_misc":{"Tiempo de lectura":"5 minutos"},"schema":{"@context":"https:\/\/schema.org","@graph":[{"@type":"WebPage","@id":"https:\/\/www.movement.org\/a-message-from-mac-pier\/","url":"https:\/\/www.movement.org\/a-message-from-mac-pier\/","name":"A Message from our Founder Mac Pier - MOVEMENT.ORG","isPartOf":{"@id":"https:\/\/www.movement.org\/#website"},"datePublished":"2020-03-24T15:37:55+00:00","dateModified":"2020-03-25T13:02:35+00:00","description":"Read Movement.org's founder Mac Pier's reflection on the similarities of the impact of the current Coronavirus COVID-19 and 9\/11.","breadcrumb":{"@id":"https:\/\/www.movement.org\/a-message-from-mac-pier\/#breadcrumb"},"inLanguage":"es","potentialAction":[{"@type":"ReadAction","target":["https:\/\/www.movement.org\/a-message-from-mac-pier\/"]}]},{"@type":"BreadcrumbList","@id":"https:\/\/www.movement.org\/a-message-from-mac-pier\/#breadcrumb","itemListElement":[{"@type":"ListItem","position":1,"name":"Home","item":"https:\/\/www.movement.org\/"},{"@type":"ListItem","position":2,"name":"A Message From Mac Pier"}]},{"@type":"WebSite","@id":"https:\/\/www.movement.org\/#website","url":"https:\/\/www.movement.org\/","name":"MOVEMENT.ORG","description":"INVOLUCRAR A LOS L\u00cdDERES PARA QUE IMPACTEN POSITIVAMENTE SUS CIUDADES EN TODO EL MUNDO","publisher":{"@id":"https:\/\/www.movement.org\/#organization"},"potentialAction":[{"@type":"SearchAction","target":{"@type":"EntryPoint","urlTemplate":"https:\/\/www.movement.org\/?s={search_term_string}"},"query-input":{"@type":"PropertyValueSpecification","valueRequired":true,"valueName":"search_term_string"}}],"inLanguage":"es"},{"@type":"Organization","@id":"https:\/\/www.movement.org\/#organization","name":"Movement.Org","url":"https:\/\/www.movement.org\/","logo":{"@type":"ImageObject","inLanguage":"es","@id":"https:\/\/www.movement.org\/#\/schema\/logo\/image\/","url":"https:\/\/www.movement.org\/wp-content\/uploads\/2020\/02\/MovementOrg-Logo-Dark.png","contentUrl":"https:\/\/www.movement.org\/wp-content\/uploads\/2020\/02\/MovementOrg-Logo-Dark.png","width":644,"height":118,"caption":"Movement.Org"},"image":{"@id":"https:\/\/www.movement.org\/#\/schema\/logo\/image\/"}}]}},"campaignId":"","_links":{"self":[{"href":"https:\/\/www.movement.org\/es\/wp-json\/wp\/v2\/pages\/4798","targetHints":{"allow":["GET"]}}],"collection":[{"href":"https:\/\/www.movement.org\/es\/wp-json\/wp\/v2\/pages"}],"about":[{"href":"https:\/\/www.movement.org\/es\/wp-json\/wp\/v2\/types\/page"}],"author":[{"embeddable":true,"href":"https:\/\/www.movement.org\/es\/wp-json\/wp\/v2\/users\/4"}],"replies":[{"embeddable":true,"href":"https:\/\/www.movement.org\/es\/wp-json\/wp\/v2\/comments?post=4798"}],"version-history":[{"count":0,"href":"https:\/\/www.movement.org\/es\/wp-json\/wp\/v2\/pages\/4798\/revisions"}],"wp:attachment":[{"href":"https:\/\/www.movement.org\/es\/wp-json\/wp\/v2\/media?parent=4798"}],"curies":[{"name":"wp","href":"https:\/\/api.w.org\/{rel}","templated":true}]}}