{"id":9270,"date":"2024-07-12T20:38:06","date_gmt":"2024-07-13T00:38:06","guid":{"rendered":"https:\/\/www.movement.org\/?page_id=9270"},"modified":"2026-08-14T12:28:52","modified_gmt":"2026-08-14T16:28:52","slug":"movementdaynyc","status":"publish","type":"page","link":"https:\/\/www.movement.org\/es\/movementdaynyc\/","title":{"rendered":"D\u00eda del Movimiento 2026"},"content":{"rendered":"<section>\n      <img decoding=\"async\" src=\"https:\/\/www.movement.org\/wp-content\/uploads\/2026\/06\/Hero-Text-1.webp\"\n        alt=\"Movement Day NYC Signs of Hope\"\/>\n        \ud83d\udcc5\n          <strong>S\u00e1bado, 17 de octubre de 2026<\/strong>\n        \ud83d\udd52\n          <strong>9:00 a.m. \u2013 3:00 p.m.<\/strong>\n        \ud83d\udccd\n          <strong>Bethel Gospel Assembly<\/strong>\n          1483 5th Ave,\nNew York, NY 10035\n      <!-- REGISTER BUTTON -->\n          <a\n             href=\"https:\/\/www.eventbrite.com\/e\/movement-day-nyc-2026-tickets-1992957785385?aff=oddtdtcreator\"\n             target=\"_blank\"\n             rel=\"noopener noreferrer\">\n            Reg\u00edstrate\n          <\/a>\n<\/section>\n<style>\n.md-nyc-content{\n  min-height:720px;\n  display:flex;\n  align-items:center;\n  padding:70px 6vw;\n  color:#fff;\n}\n.md-nyc-inner{\n  max-width:760px;\n}\n.md-hero-logo{\n  max-width:720px;\n  margin-bottom:50px;\n}\n.md-hero-logo img{\n  display:block;\n  width:100%;\n  height:auto;\n}\n.md-info{\n  max-width:620px;\n  margin-left:58px;\n}\n.md-info-row{\n  display:grid;\n  grid-template-columns:58px 1fr;\n  gap:24px;\n  align-items:flex-start;\n  margin-bottom:34px;\n}\n.md-icon{\n  width:48px;\n  height:48px;\n  border:2px solid #63c8f4;\n  border-radius:50%;\n  display:flex;\n  align-items:center;\n  justify-content:center;\n  font-size:20px;\n}\n.md-info-text{\n  font-family:Inter,sans-serif;\n  font-size:clamp(22px,2vw,34px);\n  line-height:1.25;\n}\n.md-info-text strong{\n  display:block;\n  font-weight:800;\n}\n.md-info-text span{\n  display:block;\n}\n\/* BUTTON *\/\n.md-button-row{\n  margin-top:12px;\n  margin-bottom:0;\n}\n.md-button-wrap{\n  display:flex;\n  justify-content:flex-start;\n}\n.md-register-btn{\n  display:inline-flex;\n  align-items:center;\n  justify-content:center;\n  padding:16px 34px;\n  border-radius:999px;\n  background:#DD5F4D;\n  color:#fff;\n  text-decoration:none;\n  font-family:\"Plus Jakarta Sans\",sans-serif;\n  font-size:16px;\n  font-weight:700;\n  letter-spacing:-0.02em;\n  line-height:1;\n  border:1px solid rgba(0,0,0,.08);\n  box-shadow:\n    0 14px 30px rgba(221,95,77,.35),\n    inset 0 1px 0 rgba(255,255,255,.25);\n  transition:all .25s ease;\n}\n.md-register-btn:hover{\n  background:#D55542;\n  transform:translateY(-2px);\n  box-shadow:\n    0 18px 38px rgba(221,95,77,.45),\n    inset 0 1px 0 rgba(255,255,255,.35);\n}\n.md-register-btn:active{\n  transform:translateY(0);\n}\n\/* MOBILE *\/\n@media (max-width:768px){\n  .md-nyc-content{\n    min-height:auto;\n    padding:40px 24px 50px;\n  }\n  .md-nyc-inner{\n    width:100%;\n    max-width:100%;\n  }\n  .md-hero-logo{\n    max-width:330px;\n    margin:0 auto 28px;\n  }\n  .md-info{\n    margin-left:0;\n    max-width:100%;\n  }\n  .md-info-row{\n    display:flex;\n    flex-direction:column;\n    align-items:center;\n    text-align:center;\n    gap:9px;\n    margin-bottom:28px;\n  }\n  .md-icon{\n    width:42px;\n    height:42px;\n    font-size:16px;\n  }\n  .md-info-text{\n    font-size:clamp(19px,5vw,24px);\n    line-height:1.22;\n    text-align:center;\n  }\n  .md-button-row{\n    margin-top:36px;\n  }\n  .md-button-wrap{\n    width:100%;\n    justify-content:center;\n  }\n  .md-register-btn{\n    padding:15px 28px;\n    font-size:15px;\n  }\n}\n<\/style>\n<h2>\n\t\t\tALTAVOCES<br \/>\t<\/h2>\n\t<p>Con la participaci\u00f3n de los 22 autores del nuevo libro, <i>Se\u00f1ales de Esperanza: Historias de Redenci\u00f3n y Transformaci\u00f3n en Metro Nueva York, <\/i>y otros oradores.<\/p>\n\t<style>\n.honoree-mobile-toggle{\n  display:none;\n}\n.honoree-list{\n  display:grid;\n  grid-template-columns:repeat(2,minmax(0,1fr));\n  gap:24px 40px;\n  max-width:1200px;\n  margin:0 auto;\n}\n.honoree{\n  display:flex;\n  gap:20px;\n  align-items:center;\n  padding:18px 0;\n  border-top:2px dashed rgba(16,33,39,.15);\n}\n.honoree:nth-child(1),\n.honoree:nth-child(2){\n  border-top:none;\n}\n.honoree__photo{\n  flex:0 0 120px;\n  width:120px;\n  height:120px;\n  border-radius:10px;\n  overflow:hidden;\n  background:#e9ecef;\n}\n.honoree__photo img{\n  width:100%;\n  height:100%;\n  object-fit:cover;\n  display:block;\n}\n.honoree__text{\n  flex:1;\n  min-width:0;\n}\n.honoree__name{\n  margin:0 0 4px;\n  font-size:28px;\n  line-height:1.1;\n  font-weight:700;\n  color:#222;\n}\n.honoree__role{\n  margin:0 0 8px;\n  font-size:13px;\n  letter-spacing:.08em;\n  text-transform:uppercase;\n  font-weight:700;\n  color:#444;\n}\n.honoree__meta{\n  margin:0;\n  font-size:16px;\n  line-height:1.45;\n  color:#666;\n}\n@media(max-width:900px){\n  .honoree-list{\n    grid-template-columns:1fr;\n  }\n  .honoree:nth-child(2){\n    border-top:2px dashed rgba(16,33,39,.15);\n  }\n}\n@media(max-width:640px){\n  .honoree-mobile-toggle{\n    display:block;\n    width:100%;\n    max-width:320px;\n    margin:0 auto 24px;\n    padding:14px 20px;\n    border:none;\n    border-radius:999px;\n    background:#102127;\n    color:#fff;\n    font-size:14px;\n    font-weight:700;\n    letter-spacing:.08em;\n    text-transform:uppercase;\n    cursor:pointer;\n  }\n  .honoree-list{\n    grid-template-columns:1fr;\n    max-height:0;\n    overflow:hidden;\n    transition:max-height .5s ease;\n  }\n  .honoree-list.is-open{\n    max-height:10000px;\n  }\n  .honoree{\n    gap:16px;\n    padding:18px 0;\n  }\n  .honoree__photo{\n    flex:0 0 84px;\n    width:84px;\n    height:84px;\n  }\n  .honoree__name{\n    font-size:24px;\n  }\n  .honoree__meta{\n    font-size:15px;\n  }\n}\n<\/style>\n<button type=\"button\">\n  Ver ponentes\n<\/button>\n    <img decoding=\"async\" src=\"https:\/\/www.movement.org\/wp-content\/uploads\/2026\/06\/Mark-Atkinson-Headshot.webp\" alt=\"Mark Atkinson\"\/>\n      <h3>Mark Atkinson<\/h3>\n      <p>Director de \u00c1rea de NYC<\/p>\n      <p>CarePortal<\/p>\n    <img decoding=\"async\" src=\"https:\/\/www.movement.org\/wp-content\/uploads\/2026\/06\/Gabrielle-Beam-Headshot.webp\" alt=\"Gabrielle Beam\"\/>\n      <h3>Gabrielle Beam<\/h3>\n      <p>Pastor Principal<\/p>\n      <p>La Iglesia del R\u00edo<br \/>Bridgeport, CT<\/p>\n    <img decoding=\"async\" src=\"https:\/\/www.movement.org\/wp-content\/uploads\/2026\/06\/PJ.jpg.webp\" alt=\"Jamaal Bernard\"\/>\n      <h3>Jamaal Bernard<\/h3>\n      <p>Pastor<\/p>\n      <p>Centro Cultural Cristiano<br \/>Brooklyn, Nueva York<\/p>\n    <img decoding=\"async\" src=\"https:\/\/www.movement.org\/wp-content\/uploads\/2026\/08\/Dr.-A.R.-Bernard.png\" alt=\"Jamaal Bernard\"\/>\n      <h3>Dr. A.R. Bernard<\/h3>\n      <p>Pastor fundador<\/p>\n      <p>Centro Cultural Cristiano<br \/>Brooklyn, Nueva York<\/p>\n    <img decoding=\"async\" src=\"https:\/\/www.movement.org\/wp-content\/uploads\/2026\/06\/Fernando-Cabrera-Headshot1.webp\" alt=\"Fernando Cabrera\"\/>\n      <h3>Fernando Cabrera<\/h3>\n      <p>Pastor<\/p>\n      <p>New Life Outreach Int\u2019l<br \/>Bronx, NY<\/p>\n    <img decoding=\"async\" src=\"https:\/\/www.movement.org\/wp-content\/uploads\/2026\/06\/Pura-Coniglio-Headshot-1.webp\" alt=\"Pura Coniglio\"\/>\n      <h3>Pura Conejo<\/h3>\n      <p>Pastor<\/p>\n      <p>Iglesia Evang\u00e9lica Amor sin Muros<br \/>Bronx, NY<\/p>\n    <img decoding=\"async\" src=\"https:\/\/www.movement.org\/wp-content\/uploads\/2026\/06\/Dennis-Dillon-Headshot.webp\" alt=\"Dennis Dillon\"\/>\n      <h3>Dennis Dillon<\/h3>\n      <p>Pastor Principal<\/p>\n      <p>Rise Church Global<br \/>Editor, New York Christian Times<\/p>\n    <img decoding=\"async\" src=\"https:\/\/www.movement.org\/wp-content\/uploads\/2026\/06\/Kirk-Foote-Headshot.webp\" alt=\"Kirk Foote\"\/>\n      <h3>Kirk Foote<\/h3>\n      <p>Director Regional Asociado<\/p>\n      <p>Young Life NYC<\/p>\n    <img decoding=\"async\" src=\"https:\/\/www.movement.org\/wp-content\/uploads\/2026\/06\/Newton-Gabbidon-Headshot-1.webp\" alt=\"Newton Gabbidon\"\/>\n      <h3>Newton Gabbidon<\/h3>\n      <p>Presidente y Director General<\/p>\n      <p>Ministerio Internacional de Oraci\u00f3n de Intercesi\u00f3n<br \/>Brooklyn, Nueva York<\/p>\n    <img decoding=\"async\" src=\"https:\/\/www.movement.org\/wp-content\/uploads\/2026\/06\/Charles-Galbreath-Headshot.webp\" alt=\"Charles Galbreath\"\/>\n      <h3>Charles Galbreath<\/h3>\n      <p>Pastor<\/p>\n      <p>Tabern\u00e1culo de la Alianza, Brooklyn<br \/>Cofundador, The God Squad<\/p>\n    <img decoding=\"async\" src=\"https:\/\/www.movement.org\/wp-content\/uploads\/2026\/06\/Doug-Goulding-headshot.webp\" alt=\"Doug Goulding\"\/>\n      <h3>Doug Goulding<\/h3>\n      <p>Coach de vida certificado<\/p>\n      <p>Defensor Comunitario<br \/>Paterson, NJ<\/p>\n    <img decoding=\"async\" src=\"https:\/\/www.movement.org\/wp-content\/uploads\/2026\/06\/Richard-Griffith-Headshot-1.webp\" alt=\"Richard Griffiths\"\/>\n      <h3>Richard Griffiths<\/h3>\n      <p>Pastor Principal<\/p>\n      <p>Iglesia Bethany del Bronx<\/p>\n    <img decoding=\"async\" src=\"https:\/\/www.movement.org\/wp-content\/uploads\/2026\/06\/Nameet-Harish-Headshot.webp\" alt=\"Nameet Harish\"\/>\n      <h3>Nameet Harish<\/h3>\n      <p>Pastor de discipulado<\/p>\n      <p>Asamblea de Dios de Bel\u00e9n<\/p>\n    <img decoding=\"async\" src=\"https:\/\/www.movement.org\/wp-content\/uploads\/2026\/06\/Mullery-Jean-Pierre-Headshot-1.webp\" alt=\"Mullery Jean-Pierre\"\/>\n      <h3>Mullery<br \/>Juan Pedro<\/h3>\n      <p>Pastor<\/p>\n      <p>Iglesia Bautista Beraca<br \/>Brooklyn, Nueva York<\/p>\n    <img decoding=\"async\" src=\"https:\/\/www.movement.org\/wp-content\/uploads\/2026\/06\/Vandalyn-Kennedy-Headshot-1.webp\" alt=\"Vandalyn Kennedy\"\/>\n      <h3>Vandalyn Kennedy<\/h3>\n      <p>Presidenta<\/p>\n      <p>Departamento de J\u00f3venes Internacional, COGIC<\/p>\n    <img decoding=\"async\" src=\"https:\/\/www.movement.org\/wp-content\/uploads\/2026\/06\/Steve-Milazzo-Headshot-1.webp\" alt=\"Steve Milazzo\"\/>\n      <h3>Steve Milazzo<\/h3>\n      <p>Pastor Principal<\/p>\n      <p>Asamblea de Dios de Bel\u00e9n<br \/>Fundador, Hope Day Network<\/p>\n    <img decoding=\"async\" src=\"https:\/\/www.movement.org\/wp-content\/uploads\/2026\/06\/Josh-Miles-headshot.webp\" alt=\"Josh Miles\"\/>\n      <h3>Josh Miles<\/h3>\n      <p>Director General<\/p>\n      <p>Movimiento.org<\/p>\n    <img decoding=\"async\" src=\"https:\/\/www.movement.org\/wp-content\/uploads\/2026\/06\/Les-Mullilngs-Headshot.webp\" alt=\"Les Mullings\"\/>\n      <h3>Les Mullings<\/h3>\n      <p>Pastor<\/p>\n      <p>Iglesia del Nazareno de Far Rockaway<br \/>CEO, Challenge Prep Charter School<\/p>\n    <img decoding=\"async\" src=\"https:\/\/www.movement.org\/wp-content\/uploads\/2026\/06\/Ejaz-Nabie-Headshot.webp\" alt=\"Ejaz Nabie\"\/>\n      <h3>Ejaz Nabie<\/h3>\n      <p>Pastor<\/p>\n      <p>Asamblea de Fe<br \/>Richmond Hill, NY<\/p>\n    <img decoding=\"async\" src=\"https:\/\/www.movement.org\/wp-content\/uploads\/2026\/06\/R.-C.-Hugh-Nelson-Headshot-1.webp\" alt=\"R. C. Hugh Nelson\"\/>\n      <h3>R. C. Hugh Nelson<\/h3>\n      <p>Obispo y Pastor Principal<\/p>\n      <p>Centro del Ministerio Urbano Ebenezer<br \/>Brooklyn, Nueva York<\/p>\n    <img decoding=\"async\" src=\"https:\/\/www.movement.org\/wp-content\/uploads\/2026\/06\/Mac-Pier-Headshot-1.webp\" alt=\"Mac Pier\"\/>\n      <h3>Mac Pier<\/h3>\n      <p>Fundador<\/p>\n      <p>Movimiento.org<\/p>\n    <img decoding=\"async\" src=\"https:\/\/www.movement.org\/wp-content\/uploads\/2026\/06\/Joshua-Rodriguez-Headshot.webp\" alt=\"Joshua Rodriguez\"\/>\n      <h3>Joshua Rodr\u00edguez<\/h3>\n      <p>Obispo y Pastor Fundador<\/p>\n      <p>City Line Church<br \/>Jersey City, Nueva Jersey<\/p>\n    <img decoding=\"async\" src=\"https:\/\/www.movement.org\/wp-content\/uploads\/2026\/06\/Mitchell-Torres-Headshot-1.webp\" alt=\"Mitchell Torres\"\/>\n      <h3>Mitchell Torres<\/h3>\n      <p>Pastor Principal<\/p>\n      <p>Iglesia Comunitaria Harvest Fields<br \/>Bronx, NY<\/p>\n    <img decoding=\"async\" src=\"https:\/\/www.movement.org\/wp-content\/uploads\/2026\/06\/SteveTice.jpeg-1.webp\" alt=\"Steve Tice\"\/>\n      <h3>Steve Tice<\/h3>\n      <p>Director Regional Noreste<\/p>\n      <p>Ministerios Iglesia Navegantes<\/p>\n    <img decoding=\"async\" src=\"https:\/\/www.movement.org\/wp-content\/uploads\/2026\/06\/Guy-Wasko-Headshot.webp\" alt=\"Guy Wasko\"\/>\n      <h3>Guy Wasko<\/h3>\n      <p>Director Ejecutivo<\/p>\n      <p>para.nyc<\/p>\n    <img decoding=\"async\" src=\"https:\/\/www.movement.org\/wp-content\/uploads\/2026\/06\/Maurice-Winley-Headshot-1.webp\" alt=\"Maurice Winley\"\/>\n      <h3>Maurice Winley<\/h3>\n      <p>Presidente y Director General<\/p>\n      <p>Comunidad Redenci\u00f3n Viviente<br \/>Corporaci\u00f3n de Desarrollo, Harlem, NY<\/p>\n<h1>\n\t\t\tMDNYC 2026: Se\u00f1ales de esperanza\t<\/h1>\n<figure itemscope itemtype=\"https:\/\/schema.org\/ImageObject\">\n\t\t\t\t<img decoding=\"async\" src=\"https:\/\/www.movement.org\/wp-content\/uploads\/2026\/06\/HopeBook-2.png\" alt=\"HopeBook-2\" height=\"543\" width=\"400\" title=\"HopeBook-2\" onerror=\"this.style.display='none'\" loading=\"lazy\" \/>\n\t<\/figure>\n\t<p>El 17\u00ba Movimiento Anual del D\u00eda de NYC se llevar\u00e1 a cabo el s\u00e1bado 17 de octubre en la hist\u00f3rica Iglesia Bethel Gospel Assembly en Harlem. Este evento catal\u00edtico fue fundado en 2010 en colaboraci\u00f3n con el Dr. Tim Keller y Redeemer City to City. Desde el lanzamiento de Movimiento del D\u00eda en Nueva York, \u00a160,000 l\u00edderes de 900 ciudades han participado en reuniones de Movimiento del D\u00eda a nivel mundial!<\/p>\n<p>El tema de MDNYC 2026 es \u201cSe\u00f1ales de esperanza\u201d, basado en el t\u00edtulo del libro publicado recientemente editado por Mac Pier y el presidente Sim. Movement Day contar\u00e1 con los 22 colaboradores de <em>Se\u00f1ales de Esperanza: Historias de Redenci\u00f3n y Transformaci\u00f3n en Metro Nueva York<\/em>, quienes compartir\u00e1n sus poderosas historias a trav\u00e9s de sesiones plenarias y grupales.<\/p>\n<p>Desde urbanizaciones, educaci\u00f3n y prevenci\u00f3n de la violencia armada; pasando por despensas de alimentos, alcance comunitario y cuidado de foster care; hasta movimientos evang\u00e9licos, movimientos juveniles y movimientos de oraci\u00f3n, estas historias de l\u00edderes locales son poderosos microcosmos de lo que Dios est\u00e1 haciendo a mayor escala y te inspirar\u00e1n a llevar esperanza a tu comunidad.<\/p>\n<h2>\n\t\t\t\u00a1Inscripciones Abiertas Ahora!\t<\/h2>\n\t<p>Cada asistente recibir\u00e1 una copia gratuita del nuevo libro, <i>Se\u00f1ales de Esperanza: Historias de Redenci\u00f3n y Transformaci\u00f3n en el Metro de Nueva York.\u00a0<\/i><\/p>\n  <a\n     href=\"https:\/\/www.eventbrite.com\/e\/movement-day-nyc-2026-tickets-1992957785385?aff=oddtdtcreator\"\n     target=\"_blank\"\n     rel=\"noopener noreferrer\">\n    Reg\u00edstrate\n  <\/a>\n<style>\n.movement-button-wrap{\n  width:100%;\n  text-align:center;\n  margin:40px 0;\n}\n.movement-button{\n  display:inline-flex;\n  align-items:center;\n  justify-content:center;\n  padding:16px 32px;\n  border-radius:999px;\n  background:#DD5F4D;\n  color:#fff;\n  text-decoration:none;\n  font-family:\"Plus Jakarta Sans\",sans-serif;\n  font-size:15px;\n  font-weight:700;\n  letter-spacing:-0.02em;\n  line-height:1;\n  border:1px solid rgba(0,0,0,.08);\n  box-shadow:\n    0 12px 28px rgba(221,95,77,.35),\n    inset 0 1px 0 rgba(255,255,255,.25);\n  transition:all .25s ease;\n}\n.movement-button:hover{\n  background:#D55542;\n  transform:translateY(-2px);\n  box-shadow:\n    0 18px 36px rgba(221,95,77,.45),\n    inset 0 1px 0 rgba(255,255,255,.35);\n}\n.movement-button:active{\n  transform:translateY(0);\n}\n.movement-button:focus-visible{\n  outline:3px solid rgba(221,95,77,.35);\n  outline-offset:4px;\n}\n@media (max-width:640px){\n  .movement-button-wrap{\n    margin:32px 0;\n  }\n  .movement-button{\n    padding:15px 26px;\n    font-size:14px;\n  }\n}\n<\/style>\n<h2>\n\t\t\tPATROCINADORES\t<\/h2>\n<figure itemscope itemtype=\"https:\/\/schema.org\/ImageObject\">\n\t\t\t\t<a href=\"https:\/\/www.tuscarora.org\/\"  target=\"_self\" itemprop=\"url\">\n\t\t\t\t<img decoding=\"async\" src=\"https:\/\/www.movement.org\/wp-content\/uploads\/2024\/08\/tusc-full-logo.png\" alt=\"tusc full logo\" height=\"925\" width=\"1436\" title=\"logo completo de tusc\" onerror=\"this.style.display='none'\" loading=\"lazy\" \/>\n\t\t\t\t<\/a>\n\t<\/figure>\n<figure itemscope itemtype=\"https:\/\/schema.org\/ImageObject\">\n\t\t\t\t<a href=\"https:\/\/allpeoplefree.org\/film\/\"  target=\"_self\" itemprop=\"url\">\n\t\t\t\t<img decoding=\"async\" src=\"https:\/\/www.movement.org\/wp-content\/uploads\/2026\/06\/CCC-Brand-Logo_Horizontal.jpg\" alt=\"CCC Brand Logo_Horizontal\" height=\"923\" width=\"2215\" title=\"CCC Marca Logo_Horizontal\" onerror=\"this.style.display='none'\" loading=\"lazy\" \/>\n\t\t\t\t<\/a>\n\t<\/figure>\n<figure itemscope itemtype=\"https:\/\/schema.org\/ImageObject\">\n\t\t\t\t<a href=\"https:\/\/www.1800nowhurt.com\"  target=\"_self\" itemprop=\"url\">\n\t\t\t\t<img decoding=\"async\" src=\"https:\/\/www.movement.org\/wp-content\/uploads\/2024\/08\/Buttafuco.png\" alt=\"Buttafuco\" height=\"331\" width=\"1200\" title=\"Imb\u00e9cil\" onerror=\"this.style.display='none'\" loading=\"lazy\" \/>\n\t\t\t\t<\/a>\n\t<\/figure>\n<figure itemscope itemtype=\"https:\/\/schema.org\/ImageObject\">\n\t\t\t\t<a href=\"https:\/\/www.historicalbiblesociety.org\"  target=\"_self\" itemprop=\"url\">\n\t\t\t\t<img decoding=\"async\" src=\"https:\/\/www.movement.org\/wp-content\/uploads\/2024\/08\/HBS.Logo-1.png\" alt=\"HBS.Logo (1)\" height=\"770\" width=\"1200\" title=\"HBS.Logo (1)\" onerror=\"this.style.display='none'\" loading=\"lazy\" \/>\n\t\t\t\t<\/a>\n\t<\/figure>\n\tConvi\u00e9rtete en patrocinador de Movement Day.<br \/>\nPromociona tu organizaci\u00f3n en nuestra gran red de<br \/>\npastores y l\u00edderes en el 17\u00ba Movimiento Anual del D\u00eda de NYC.<br \/>\nCorreo electr\u00f3nico <strong><a href=\"mailto:info@movement.org\">info@movement.org<\/a><\/strong> para paquetes de patrocinio.","protected":false},"excerpt":{"rendered":"\ud83d\udcc5\n          <strong>S\u00e1bado, 17 de octubre de 2026<\/strong>\n        \ud83d\udd52\n          <strong>9:00 a.m. \u2013 3:00 p.m.<\/strong>\n        \ud83d\udccd\n          <strong>Bethel Gospel Assembly<\/strong>\n          1483 5th Ave,\nNew York, NY 10035\n\nRegistrarse.","protected":false},"author":83,"featured_media":11044,"parent":0,"menu_order":0,"comment_status":"closed","ping_status":"closed","template":"","meta":{"give_campaign_id":0,"footnotes":""},"class_list":["post-9270","page","type-page","status-publish","has-post-thumbnail","hentry"],"yoast_head":"<!-- This site is optimized with the Yoast SEO plugin v28.4 - https:\/\/yoast.com\/product\/yoast-seo-wordpress\/ -->\n<title>Movement Day 2026 - MOVEMENT.ORG<\/title>\n<meta name=\"description\" content=\"The 16th\u00a0Annual Movement Day NYC will be held on Friday, October 17, 2025 at the historic Bethel Gospel Assembly Church in Harlem. This catalytic event was founded in 2010 in collaboration with Dr. Tim Keller and Redeemer City to City. Since the launch of Movement Day in New York, 60,000 leaders from 900 cities have participated in Movement Day gatherings globally!\" \/>\n<meta name=\"robots\" content=\"index, follow, max-snippet:-1, max-image-preview:large, max-video-preview:-1\" \/>\n<link rel=\"canonical\" href=\"https:\/\/www.movement.org\/es\/movementdaynyc\/\" \/>\n<meta property=\"og:locale\" content=\"es_MX\" \/>\n<meta property=\"og:type\" content=\"article\" \/>\n<meta property=\"og:title\" content=\"Movement Day 2026\" \/>\n<meta property=\"og:description\" content=\"The 16th\u00a0Annual Movement Day NYC will be held on Friday, October 17, 2025 at the historic Bethel Gospel Assembly Church in Harlem. This catalytic event was founded in 2010 in collaboration with Dr. Tim Keller and Redeemer City to City. Since the launch of Movement Day in New York, 60,000 leaders from 900 cities have participated in Movement Day gatherings globally!\" \/>\n<meta property=\"og:url\" content=\"https:\/\/www.movement.org\/es\/movementdaynyc\/\" \/>\n<meta property=\"og:site_name\" content=\"MOVEMENT.ORG\" \/>\n<meta property=\"article:modified_time\" content=\"2026-08-14T16:28:52+00:00\" \/>\n<meta property=\"og:image\" content=\"https:\/\/www.movement.org\/wp-content\/uploads\/2026\/07\/MovementDay2026-Preview-Image.webp\" \/>\n\t<meta property=\"og:image:width\" content=\"2312\" \/>\n\t<meta property=\"og:image:height\" content=\"1476\" \/>\n\t<meta property=\"og:image:type\" content=\"image\/webp\" \/>\n<meta name=\"twitter:card\" content=\"summary_large_image\" \/>\n<meta name=\"twitter:label1\" content=\"Tiempo de lectura\" \/>\n\t<meta name=\"twitter:data1\" content=\"9 minutos\" \/>\n<script type=\"application\/ld+json\" class=\"yoast-schema-graph\">{\"@context\":\"https:\\\/\\\/schema.org\",\"@graph\":[{\"@type\":\"WebPage\",\"@id\":\"https:\\\/\\\/www.movement.org\\\/movementdaynyc\\\/\",\"url\":\"https:\\\/\\\/www.movement.org\\\/movementdaynyc\\\/\",\"name\":\"Movement Day 2026 - MOVEMENT.ORG\",\"isPartOf\":{\"@id\":\"https:\\\/\\\/www.movement.org\\\/#website\"},\"primaryImageOfPage\":{\"@id\":\"https:\\\/\\\/www.movement.org\\\/movementdaynyc\\\/#primaryimage\"},\"image\":{\"@id\":\"https:\\\/\\\/www.movement.org\\\/movementdaynyc\\\/#primaryimage\"},\"thumbnailUrl\":\"https:\\\/\\\/www.movement.org\\\/wp-content\\\/uploads\\\/2026\\\/07\\\/MovementDay2026-Preview-Image.webp\",\"datePublished\":\"2024-07-13T00:38:06+00:00\",\"dateModified\":\"2026-08-14T16:28:52+00:00\",\"description\":\"The 16th\u00a0Annual Movement Day NYC will be held on Friday, October 17, 2025 at the historic Bethel Gospel Assembly Church in Harlem. This catalytic event was founded in 2010 in collaboration with Dr. Tim Keller and Redeemer City to City. Since the launch of Movement Day in New York, 60,000 leaders from 900 cities have participated in Movement Day gatherings globally!\",\"breadcrumb\":{\"@id\":\"https:\\\/\\\/www.movement.org\\\/movementdaynyc\\\/#breadcrumb\"},\"inLanguage\":\"es\",\"potentialAction\":[{\"@type\":\"ReadAction\",\"target\":[\"https:\\\/\\\/www.movement.org\\\/movementdaynyc\\\/\"]}]},{\"@type\":\"ImageObject\",\"inLanguage\":\"es\",\"@id\":\"https:\\\/\\\/www.movement.org\\\/movementdaynyc\\\/#primaryimage\",\"url\":\"https:\\\/\\\/www.movement.org\\\/wp-content\\\/uploads\\\/2026\\\/07\\\/MovementDay2026-Preview-Image.webp\",\"contentUrl\":\"https:\\\/\\\/www.movement.org\\\/wp-content\\\/uploads\\\/2026\\\/07\\\/MovementDay2026-Preview-Image.webp\",\"width\":2312,\"height\":1476},{\"@type\":\"BreadcrumbList\",\"@id\":\"https:\\\/\\\/www.movement.org\\\/movementdaynyc\\\/#breadcrumb\",\"itemListElement\":[{\"@type\":\"ListItem\",\"position\":1,\"name\":\"Home\",\"item\":\"https:\\\/\\\/www.movement.org\\\/\"},{\"@type\":\"ListItem\",\"position\":2,\"name\":\"Movement Day 2026\"}]},{\"@type\":\"WebSite\",\"@id\":\"https:\\\/\\\/www.movement.org\\\/#website\",\"url\":\"https:\\\/\\\/www.movement.org\\\/\",\"name\":\"MOVEMENT.ORG\",\"description\":\"Engaging leaders to positively impact their cities around the world\",\"publisher\":{\"@id\":\"https:\\\/\\\/www.movement.org\\\/#organization\"},\"potentialAction\":[{\"@type\":\"SearchAction\",\"target\":{\"@type\":\"EntryPoint\",\"urlTemplate\":\"https:\\\/\\\/www.movement.org\\\/?s={search_term_string}\"},\"query-input\":{\"@type\":\"PropertyValueSpecification\",\"valueRequired\":true,\"valueName\":\"search_term_string\"}}],\"inLanguage\":\"es\"},{\"@type\":\"Organization\",\"@id\":\"https:\\\/\\\/www.movement.org\\\/#organization\",\"name\":\"Movement.Org\",\"url\":\"https:\\\/\\\/www.movement.org\\\/\",\"logo\":{\"@type\":\"ImageObject\",\"inLanguage\":\"es\",\"@id\":\"https:\\\/\\\/www.movement.org\\\/#\\\/schema\\\/logo\\\/image\\\/\",\"url\":\"https:\\\/\\\/www.movement.org\\\/wp-content\\\/uploads\\\/2020\\\/02\\\/MovementOrg-Logo-Dark.png\",\"contentUrl\":\"https:\\\/\\\/www.movement.org\\\/wp-content\\\/uploads\\\/2020\\\/02\\\/MovementOrg-Logo-Dark.png\",\"width\":644,\"height\":118,\"caption\":\"Movement.Org\"},\"image\":{\"@id\":\"https:\\\/\\\/www.movement.org\\\/#\\\/schema\\\/logo\\\/image\\\/\"}}]}<\/script>\n<!-- \/ Yoast SEO plugin. -->","yoast_head_json":{"title":"Movement Day 2026 - MOVEMENT.ORG","description":"El 16.\u00b0 Movement Day NYC anual se llevar\u00e1 a cabo el viernes 17 de octubre de 2025 en la hist\u00f3rica Iglesia Bethel Gospel Assembly en Harlem. Este evento catalizador fue fundado en 2010 en colaboraci\u00f3n con el Dr. Tim Keller y Redeemer City to City. Desde el lanzamiento de Movement Day en Nueva York, \u00a160,000 l\u00edderes de 900 ciudades han participado en las reuniones de Movement Day a nivel mundial!","robots":{"index":"index","follow":"follow","max-snippet":"max-snippet:-1","max-image-preview":"max-image-preview:large","max-video-preview":"max-video-preview:-1"},"canonical":"https:\/\/www.movement.org\/es\/movementdaynyc\/","og_locale":"es_MX","og_type":"article","og_title":"Movement Day 2026","og_description":"The 16th\u00a0Annual Movement Day NYC will be held on Friday, October 17, 2025 at the historic Bethel Gospel Assembly Church in Harlem. This catalytic event was founded in 2010 in collaboration with Dr. Tim Keller and Redeemer City to City. Since the launch of Movement Day in New York, 60,000 leaders from 900 cities have participated in Movement Day gatherings globally!","og_url":"https:\/\/www.movement.org\/es\/movementdaynyc\/","og_site_name":"MOVEMENT.ORG","article_modified_time":"2026-08-14T16:28:52+00:00","og_image":[{"width":2312,"height":1476,"url":"https:\/\/www.movement.org\/wp-content\/uploads\/2026\/07\/MovementDay2026-Preview-Image.webp","type":"image\/webp"}],"twitter_card":"summary_large_image","twitter_misc":{"Tiempo de lectura":"9 minutos"},"schema":{"@context":"https:\/\/schema.org","@graph":[{"@type":"WebPage","@id":"https:\/\/www.movement.org\/movementdaynyc\/","url":"https:\/\/www.movement.org\/movementdaynyc\/","name":"Movement Day 2026 - MOVEMENT.ORG","isPartOf":{"@id":"https:\/\/www.movement.org\/#website"},"primaryImageOfPage":{"@id":"https:\/\/www.movement.org\/movementdaynyc\/#primaryimage"},"image":{"@id":"https:\/\/www.movement.org\/movementdaynyc\/#primaryimage"},"thumbnailUrl":"https:\/\/www.movement.org\/wp-content\/uploads\/2026\/07\/MovementDay2026-Preview-Image.webp","datePublished":"2024-07-13T00:38:06+00:00","dateModified":"2026-08-14T16:28:52+00:00","description":"El 16.\u00b0 Movement Day NYC anual se llevar\u00e1 a cabo el viernes 17 de octubre de 2025 en la hist\u00f3rica Iglesia Bethel Gospel Assembly en Harlem. Este evento catalizador fue fundado en 2010 en colaboraci\u00f3n con el Dr. Tim Keller y Redeemer City to City. Desde el lanzamiento de Movement Day en Nueva York, \u00a160,000 l\u00edderes de 900 ciudades han participado en las reuniones de Movement Day a nivel mundial!","breadcrumb":{"@id":"https:\/\/www.movement.org\/movementdaynyc\/#breadcrumb"},"inLanguage":"es","potentialAction":[{"@type":"ReadAction","target":["https:\/\/www.movement.org\/movementdaynyc\/"]}]},{"@type":"ImageObject","inLanguage":"es","@id":"https:\/\/www.movement.org\/movementdaynyc\/#primaryimage","url":"https:\/\/www.movement.org\/wp-content\/uploads\/2026\/07\/MovementDay2026-Preview-Image.webp","contentUrl":"https:\/\/www.movement.org\/wp-content\/uploads\/2026\/07\/MovementDay2026-Preview-Image.webp","width":2312,"height":1476},{"@type":"BreadcrumbList","@id":"https:\/\/www.movement.org\/movementdaynyc\/#breadcrumb","itemListElement":[{"@type":"ListItem","position":1,"name":"Home","item":"https:\/\/www.movement.org\/"},{"@type":"ListItem","position":2,"name":"Movement Day 2026"}]},{"@type":"WebSite","@id":"https:\/\/www.movement.org\/#website","url":"https:\/\/www.movement.org\/","name":"MOVEMENT.ORG","description":"INVOLUCRAR A LOS L\u00cdDERES PARA QUE IMPACTEN POSITIVAMENTE SUS CIUDADES EN TODO EL MUNDO","publisher":{"@id":"https:\/\/www.movement.org\/#organization"},"potentialAction":[{"@type":"SearchAction","target":{"@type":"EntryPoint","urlTemplate":"https:\/\/www.movement.org\/?s={search_term_string}"},"query-input":{"@type":"PropertyValueSpecification","valueRequired":true,"valueName":"search_term_string"}}],"inLanguage":"es"},{"@type":"Organization","@id":"https:\/\/www.movement.org\/#organization","name":"Movement.Org","url":"https:\/\/www.movement.org\/","logo":{"@type":"ImageObject","inLanguage":"es","@id":"https:\/\/www.movement.org\/#\/schema\/logo\/image\/","url":"https:\/\/www.movement.org\/wp-content\/uploads\/2020\/02\/MovementOrg-Logo-Dark.png","contentUrl":"https:\/\/www.movement.org\/wp-content\/uploads\/2020\/02\/MovementOrg-Logo-Dark.png","width":644,"height":118,"caption":"Movement.Org"},"image":{"@id":"https:\/\/www.movement.org\/#\/schema\/logo\/image\/"}}]}},"campaignId":"","_links":{"self":[{"href":"https:\/\/www.movement.org\/es\/wp-json\/wp\/v2\/pages\/9270","targetHints":{"allow":["GET"]}}],"collection":[{"href":"https:\/\/www.movement.org\/es\/wp-json\/wp\/v2\/pages"}],"about":[{"href":"https:\/\/www.movement.org\/es\/wp-json\/wp\/v2\/types\/page"}],"author":[{"embeddable":true,"href":"https:\/\/www.movement.org\/es\/wp-json\/wp\/v2\/users\/83"}],"replies":[{"embeddable":true,"href":"https:\/\/www.movement.org\/es\/wp-json\/wp\/v2\/comments?post=9270"}],"version-history":[{"count":40,"href":"https:\/\/www.movement.org\/es\/wp-json\/wp\/v2\/pages\/9270\/revisions"}],"predecessor-version":[{"id":11081,"href":"https:\/\/www.movement.org\/es\/wp-json\/wp\/v2\/pages\/9270\/revisions\/11081"}],"wp:featuredmedia":[{"embeddable":true,"href":"https:\/\/www.movement.org\/es\/wp-json\/wp\/v2\/media\/11044"}],"wp:attachment":[{"href":"https:\/\/www.movement.org\/es\/wp-json\/wp\/v2\/media?parent=9270"}],"curies":[{"name":"wp","href":"https:\/\/api.w.org\/{rel}","templated":true}]}}